{"id":14029,"date":"2022-11-17T11:51:19","date_gmt":"2022-11-17T10:51:19","guid":{"rendered":"https:\/\/auren.com\/ar\/new\/prensa-transformacion-y-vision-a-largo-plazo-la-clave-de-los-lideres-para-crecer-en-la-argentina-el-cronista-17-11-2022\/"},"modified":"2022-11-17T11:51:19","modified_gmt":"2022-11-17T10:51:19","slug":"prensa-transformacion-y-vision-a-largo-plazo-la-clave-de-los-lideres-para-crecer-en-la-argentina-el-cronista-17-11-2022","status":"publish","type":"new","link":"https:\/\/aurenweb-stg.servidortemporal.net\/ar\/noticias\/prensa-transformacion-y-vision-a-largo-plazo-la-clave-de-los-lideres-para-crecer-en-la-argentina-el-cronista-17-11-2022\/","title":{"rendered":"Prensa | Transformaci\u00f3n y visi\u00f3n a largo plazo la clave de los l\u00edderes para crecer en la Argentina (El Cronista 17.11.2022)"},"content":{"rendered":"<h2 class=\"wp-block-heading\">Durante el encuentro de L\u00edderes, organizado por El Cronista y la revista Apertura, los principales empresarios debatieron sobre el presente y el futuro de las empresas. Cu\u00e1les son los desaf\u00edos para 2023.<\/h2>\n<p><strong>Transformaci\u00f3n, innovaci\u00f3n y visi\u00f3n a largo plazo<\/strong>\u00a0son algunas de las claves que deben tener las empresas hoy en sus agendas para sobrevivir en un contexto econ\u00f3mico y pol\u00edtico de cambios.<\/p>\n<p>Los principales CEOs y directivos de las empresas m\u00e1s relevantes de la Argentina se reunieron en\u00a0<strong>La Rural<\/strong>\u00a0para debatir del presente y el futuro del sector en el evento\u00a0<a href=\"https:\/\/www.cronista.com\/tema\/vision-de-los-lideres\/\" target=\"_blank\" rel=\"noreferrer noopener\"><strong>Encuentro de los l\u00edderes<\/strong><\/a>\u00a0que organiz\u00f3 el diario\u00a0<strong><a href=\"https:\/\/www.cronista.com\/\">El Cronista<\/a> junto a la revista Apertura.<\/strong><\/p>\n<p>El punto de inflexi\u00f3n fue sin dudas\u00a0la pandemia. El confinamiento obligatorio oblig\u00f3 a muchas empresas a implementar el<em>\u00a0home-office<\/em>, una herramienta que lleg\u00f3 para quedarse. \u00abSe han roto fronteras, la primera tiene que ver con el espacio f\u00edsico; la segunda, la frontera entre la vida personal y la laboral. Ya no se trabaja ocho horas, hay momentos en donde ambos se mezclan y hay que aprender a convivir con esto\u00bb, explic\u00f3<strong>\u00a0Luis Guastini, director general y presidente, ManpowerGroup Argentina.\u00a0<\/strong><\/p>\n<p>\u00abUno de los puntos claves tiene que ver con la gesti\u00f3n de las empresas a la hora de contratar personal, hoy lo h\u00edbrido cobr\u00f3 relevancia\u00bb, agreg\u00f3 por su parte,&nbsp;<strong>Fabiana Gadow, CEO de Korn Ferry Argentina.<\/strong><\/p>\n<p>La pandemia adelant\u00f3 la transformaci\u00f3n que muchas empresas ven\u00edan encarando de forma paulatina. \u00abTodas las organizaciones se est\u00e1n transformando. El tema es en qu\u00e9 se transforman, hay que transformarse internamente. La b\u00fasqueda de talentos es un proceso que est\u00e1 cambiando. La direcci\u00f3n est\u00e1 comprometida con buscar el talento, eso antes no suced\u00eda\u00bb, agreg\u00f3 por su parte\u00a0<strong><a href=\"https:\/\/www.linkedin.com\/in\/fernandotezanospinto\/\">Fernando Tezanos Pinto<\/a>, presidente de <a href=\"https:\/\/aurenweb-stg.servidortemporal.net\/ar\/\">Auren Argentina<\/a> y Latinoam\u00e9rica<\/strong><\/p>\n<p>En este punto los l\u00edderes son fundamentales para las empresas. Para&nbsp;Gadow hoy quienes ocupan cargos directivos \u00abtienen que ser l\u00edderes que motiven el cambio\u00bb.<\/p>\n<p>En ese sentido para Tezanos, la clave es \u00abque en la agenda todos participen, que no haya reuniones burocr\u00e1ticas. El fin de una estructura vertical, tomar decisiones con consenso. Ese es el rol del nuevo l\u00edder\u00bb.<\/p>\n<p>Leer la nota completa en <a href=\"https:\/\/www.cronista.com\/negocios\/transformacion-y-vision-a-largo-plazo-la-clave-de-los-lideres-para-crecer-en-la-argentina\/\">El Cronista<\/a><\/p>\n<p><!-- AddThis Advanced Settings generic via filter on the_content --><!-- AddThis Share Buttons generic via filter on the_content --><\/p>\n","protected":false},"excerpt":{"rendered":"<p>Durante el encuentro de L\u00edderes, organizado por El Cronista y la revista Apertura, los principales empresarios debatieron sobre el presente y el futuro de las empresas. Cu\u00e1les son los desaf\u00edos [&hellip;]<\/p>\n","protected":false},"featured_media":14030,"template":"","meta":{"_acf_changed":false,"footnotes":""},"new-category":[],"class_list":["post-14029","new","type-new","status-publish","has-post-thumbnail","hentry"],"acf":[],"_links":{"self":[{"href":"https:\/\/aurenweb-stg.servidortemporal.net\/ar\/wp-json\/wp\/v2\/new\/14029","targetHints":{"allow":["GET"]}}],"collection":[{"href":"https:\/\/aurenweb-stg.servidortemporal.net\/ar\/wp-json\/wp\/v2\/new"}],"about":[{"href":"https:\/\/aurenweb-stg.servidortemporal.net\/ar\/wp-json\/wp\/v2\/types\/new"}],"version-history":[{"count":0,"href":"https:\/\/aurenweb-stg.servidortemporal.net\/ar\/wp-json\/wp\/v2\/new\/14029\/revisions"}],"wp:featuredmedia":[{"embeddable":true,"href":"https:\/\/aurenweb-stg.servidortemporal.net\/ar\/wp-json\/wp\/v2\/media\/14030"}],"wp:attachment":[{"href":"https:\/\/aurenweb-stg.servidortemporal.net\/ar\/wp-json\/wp\/v2\/media?parent=14029"}],"wp:term":[{"taxonomy":"new-category","embeddable":true,"href":"https:\/\/aurenweb-stg.servidortemporal.net\/ar\/wp-json\/wp\/v2\/new-category?post=14029"}],"curies":[{"name":"wp","href":"https:\/\/api.w.org\/{rel}","templated":true}]}}