{"id":14053,"date":"2022-10-28T10:44:25","date_gmt":"2022-10-28T08:44:25","guid":{"rendered":"https:\/\/auren.com\/ar\/new\/prensa-salario-emocional-clave-para-la-fidelizacion-del-talento-an-digital-26-10-2022\/"},"modified":"2022-10-28T10:44:25","modified_gmt":"2022-10-28T08:44:25","slug":"prensa-salario-emocional-clave-para-la-fidelizacion-del-talento-an-digital-26-10-2022","status":"publish","type":"new","link":"https:\/\/aurenweb-stg.servidortemporal.net\/ar\/noticias\/prensa-salario-emocional-clave-para-la-fidelizacion-del-talento-an-digital-26-10-2022\/","title":{"rendered":"Prensa | Salario emocional, clave para la fidelizaci\u00f3n del talento (AN Digital 26.10.2022)"},"content":{"rendered":"<p>Luego de la pandemia, este beneficio del salario emocional empez\u00f3 a tener mayor reconocimiento y se produjo un cambio en las prioridades. Pese a que va a variar seg\u00fan la etapa de la vida y cada persona, es la clave para sentirse feliz en el ambiente laboral.<\/p>\n<p>Por<strong>\u00a0<a href=\"https:\/\/www.linkedin.com\/in\/monicacanevari\/\">M\u00f3nica Canevari<\/a><\/strong>\u00a0(<strong>*<\/strong>)<\/p>\n<p>Hoy un tercio de nuestras vidas se invierte en el trabajo, por lo que, a la hora de pensar, en qu\u00e9 queremos y qu\u00e9 necesitamos, no puede estar basado \u00fanicamente en t\u00e9rminos econ\u00f3micos. Salario emocional,<\/p>\n<p>Hay otros elementos que suman o restan para el bienestar y satisfacci\u00f3n laboral, y se trata del \u201csalario emocional\u201d, aquel beneficio no monetario, relacionado a las sensaciones y sentimientos. Son las conclusiones a las que llega cada colaborador desde su propia valoraci\u00f3n, y que va a influenciar en sus decisiones laborales, en sus relaciones y hasta en sus resultados.<\/p>\n<p>Hay muchos elementos que nos ayudan a crecer personal y profesionalmente, pero el salario emocional no es un salario fijo, va a variar, seg\u00fan la etapa de la vida y cada persona, pero es la clave para sentirse feliz en un ambiente laboral.<\/p>\n<p>Luego de la pandemia, este salario empez\u00f3 a tener mayor reconocimiento, se produjo un cambio en las prioridades laborales. Desde Auren Argentina realizamos una encuesta a m\u00e1s de 300 j\u00f3venes profesionales que nos permiti\u00f3 conocer qu\u00e9 piensan hoy, qu\u00e9 buscan, intereses, valores y su visi\u00f3n de futuro.<\/p>\n<h2 class=\"wp-block-heading\">Decidir un empleo<\/h2>\n<p>A la hora de decidir por un empleo, las oportunidades de desarrollo y crecimiento profesional resultaron un valor aspiracional para m\u00e1s del 80% de los j\u00f3venes y casi en igual medida los motiva el salario, la flexibilidad, el ambiente laboral y las oportunidades de aprendizaje.<\/p>\n<p>Hoy aumentan las expectativas sobre lo que debe proporcionar un trabajo. Aunque la remuneraci\u00f3n sigue siendo una de las principales prioridades, es muy importante para los j\u00f3venes adem\u00e1s las oportunidades de crecimiento y desarrollo profesional, ambiente y seguridad laboral.<\/p>\n<p>Las empresas y los l\u00edderes debemos comprender esta nueva tendencia en el mundo laboral y las motivaciones de los trabajadores. Este es el desaf\u00edo frente al futuro.<\/p>\n<p>(<strong>*<\/strong>) Gerente de <a href=\"https:\/\/www.auren.com.ar\/bpotercerizacion\/\">BPO<\/a> de\u00a0<a href=\"https:\/\/aurenweb-stg.servidortemporal.net\/ar\/\"><strong>Auren Argentina<\/strong>.<\/a><\/p>\n<p>Leer la nota completa en <a href=\"https:\/\/www.andigital.com.ar\/interes-general\/item\/109714-salario-emocional-clave-para-la-fidelizacion-del-talento\">AN Digital<\/a><\/p>\n<p><!-- AddThis Advanced Settings generic via filter on the_content --><!-- AddThis Share Buttons generic via filter on the_content --><\/p>\n","protected":false},"excerpt":{"rendered":"<p>Luego de la pandemia, este beneficio del salario emocional empez\u00f3 a tener mayor reconocimiento y se produjo un cambio en las prioridades. Pese a que va a variar seg\u00fan la [&hellip;]<\/p>\n","protected":false},"featured_media":14054,"template":"","meta":{"_acf_changed":false,"footnotes":""},"new-category":[],"class_list":["post-14053","new","type-new","status-publish","has-post-thumbnail","hentry"],"acf":[],"_links":{"self":[{"href":"https:\/\/aurenweb-stg.servidortemporal.net\/ar\/wp-json\/wp\/v2\/new\/14053","targetHints":{"allow":["GET"]}}],"collection":[{"href":"https:\/\/aurenweb-stg.servidortemporal.net\/ar\/wp-json\/wp\/v2\/new"}],"about":[{"href":"https:\/\/aurenweb-stg.servidortemporal.net\/ar\/wp-json\/wp\/v2\/types\/new"}],"version-history":[{"count":0,"href":"https:\/\/aurenweb-stg.servidortemporal.net\/ar\/wp-json\/wp\/v2\/new\/14053\/revisions"}],"wp:featuredmedia":[{"embeddable":true,"href":"https:\/\/aurenweb-stg.servidortemporal.net\/ar\/wp-json\/wp\/v2\/media\/14054"}],"wp:attachment":[{"href":"https:\/\/aurenweb-stg.servidortemporal.net\/ar\/wp-json\/wp\/v2\/media?parent=14053"}],"wp:term":[{"taxonomy":"new-category","embeddable":true,"href":"https:\/\/aurenweb-stg.servidortemporal.net\/ar\/wp-json\/wp\/v2\/new-category?post=14053"}],"curies":[{"name":"wp","href":"https:\/\/api.w.org\/{rel}","templated":true}]}}