{"id":14061,"date":"2022-10-26T13:01:12","date_gmt":"2022-10-26T11:01:12","guid":{"rendered":"https:\/\/auren.com\/ar\/new\/prensa-salario-emocional-clave-para-la-fidelizacion-del-talento-ambito-23-10-2022\/"},"modified":"2022-10-26T13:01:12","modified_gmt":"2022-10-26T11:01:12","slug":"prensa-salario-emocional-clave-para-la-fidelizacion-del-talento-ambito-23-10-2022","status":"publish","type":"new","link":"https:\/\/aurenweb-stg.servidortemporal.net\/ar\/noticias\/prensa-salario-emocional-clave-para-la-fidelizacion-del-talento-ambito-23-10-2022\/","title":{"rendered":"Prensa | Salario emocional, clave para la fidelizaci\u00f3n del talento (\u00c1mbito 23.10.2022)"},"content":{"rendered":"<h2 class=\"wp-block-heading\">Las oportunidades de desarrollo y crecimiento profesional resultan hoy un valor aspiracional para el empleado. Las empresas deber\u00e1n atender esta tendencia en ascenso para incrementar la eficacia y eficiencia.<\/h2>\n<p>Por <a href=\"https:\/\/www.linkedin.com\/in\/monicacanevari\/\">M\u00f3nica Canevari<\/a>, Gerente de <a href=\"https:\/\/aurenweb-stg.servidortemporal.net\/ar\/servicios\/outsourcing\/bpo-business-process-outsourcing\/\">BPO<\/a> de <a href=\"https:\/\/aurenweb-stg.servidortemporal.net\/ar\/\">Auren Argentina<\/a>.<\/p>\n<p>Hoy\u00a0<strong>un tercio de nuestras vidas se invierte en el trabajo,<\/strong>\u00a0por lo que, a la hora de pensar, en qu\u00e9 queremos y qu\u00e9 necesitamos, no puede estar basado \u00fanicamente en t\u00e9rminos econ\u00f3micos.<\/p>\n<p>Hay otros elementos que suman o restan para el bienestar y satisfacci\u00f3n laboral, y se trata del \u201csalario emocional\u201c, aquel beneficio no monetario, relacionado a las sensaciones y sentimientos. Son las conclusiones a las que llega cada colaborador desde su propia valoraci\u00f3n, y que va a influenciar en sus decisiones laborales, en sus relaciones y hasta en sus resultados.<\/p>\n<p>Hay muchos elementos que nos ayudan a crecer personal y profesionalmente, pero el salario emocional no es un salario fijo, va a variar, seg\u00fan la etapa de la vida y cada persona, pero es la clave para sentirse feliz en un ambiente laboral.<\/p>\n<p>Luego de la pandemia, este salario empez\u00f3 a tener mayor reconocimiento, se produjo un cambio en las prioridades laborales.\u00a0<strong>Desde Auren Argentina realizamos una <a href=\"https:\/\/aurenweb-stg.servidortemporal.net\/ar\/publicaciones\/brujula-de-negocios-2022-jovenes-profesionales\/\">encuesta a m\u00e1s de 300 j\u00f3venes profesionales que nos permiti\u00f3 conocer qu\u00e9 piensan hoy, qu\u00e9 buscan, intereses, valores y su visi\u00f3n de futuro.<\/a><\/strong><\/p>\n<p>A la hora de decidir por un empleo,&nbsp;las oportunidades de desarrollo y crecimiento profesional resultaron un valor aspiracional para m\u00e1s del 80% de los j\u00f3venes&nbsp;y casi en igual medida los motiva el salario, la flexibilidad, el ambiente laboral y las oportunidades de aprendizaje.<\/p>\n<p>Hoy aumentan las expectativas sobre lo que debe proporcionar un trabajo. Aunque la remuneraci\u00f3n sigue siendo una de las principales prioridades, es muy importante para los j\u00f3venes adem\u00e1s las oportunidades de crecimiento y desarrollo profesional, ambiente y seguridad laboral.<\/p>\n<p>Las empresas y los l\u00edderes debemos comprender esta nueva tendencia en el mundo laboral y las motivaciones de los trabajadores. Este es el desaf\u00edo frente al futuro.<\/p>\n<p>La mejora de las pol\u00edticas de beneficios para los empleados es una tendencia en ascenso.\u00a0El cambio de necesidades y prioridades obliga a las empresas a poner el foco en el salario emocional, adem\u00e1s del econ\u00f3mico. Sin duda los empleados priorizan los beneficios emocionales y el bienestar.<\/p>\n<p>Leer la nota completa en <a href=\"https:\/\/www.ambito.com\/opiniones\/trabajo\/salario-emocional-clave-la-fidelizacion-del-talento-n5564899\">\u00c1mbito web<\/a><\/p>\n<p><!-- AddThis Advanced Settings generic via filter on the_content --><!-- AddThis Share Buttons generic via filter on the_content --><\/p>\n","protected":false},"excerpt":{"rendered":"<p>Las oportunidades de desarrollo y crecimiento profesional resultan hoy un valor aspiracional para el empleado. Las empresas deber\u00e1n atender esta tendencia en ascenso para incrementar la eficacia y eficiencia. Por [&hellip;]<\/p>\n","protected":false},"featured_media":14062,"template":"","meta":{"_acf_changed":false,"footnotes":""},"new-category":[],"class_list":["post-14061","new","type-new","status-publish","has-post-thumbnail","hentry"],"acf":[],"_links":{"self":[{"href":"https:\/\/aurenweb-stg.servidortemporal.net\/ar\/wp-json\/wp\/v2\/new\/14061","targetHints":{"allow":["GET"]}}],"collection":[{"href":"https:\/\/aurenweb-stg.servidortemporal.net\/ar\/wp-json\/wp\/v2\/new"}],"about":[{"href":"https:\/\/aurenweb-stg.servidortemporal.net\/ar\/wp-json\/wp\/v2\/types\/new"}],"version-history":[{"count":0,"href":"https:\/\/aurenweb-stg.servidortemporal.net\/ar\/wp-json\/wp\/v2\/new\/14061\/revisions"}],"wp:featuredmedia":[{"embeddable":true,"href":"https:\/\/aurenweb-stg.servidortemporal.net\/ar\/wp-json\/wp\/v2\/media\/14062"}],"wp:attachment":[{"href":"https:\/\/aurenweb-stg.servidortemporal.net\/ar\/wp-json\/wp\/v2\/media?parent=14061"}],"wp:term":[{"taxonomy":"new-category","embeddable":true,"href":"https:\/\/aurenweb-stg.servidortemporal.net\/ar\/wp-json\/wp\/v2\/new-category?post=14061"}],"curies":[{"name":"wp","href":"https:\/\/api.w.org\/{rel}","templated":true}]}}