{"id":14178,"date":"2022-09-19T10:37:55","date_gmt":"2022-09-19T08:37:55","guid":{"rendered":"https:\/\/auren.com\/ar\/new\/prensa-auren-continua-creciendo-nuevo-socio-de-consultoria-panorama-ahk-ed-n2-2022\/"},"modified":"2022-09-19T10:37:55","modified_gmt":"2022-09-19T08:37:55","slug":"prensa-auren-continua-creciendo-nuevo-socio-de-consultoria-panorama-ahk-ed-n2-2022","status":"publish","type":"new","link":"https:\/\/aurenweb-stg.servidortemporal.net\/ar\/noticias\/prensa-auren-continua-creciendo-nuevo-socio-de-consultoria-panorama-ahk-ed-n2-2022\/","title":{"rendered":"Prensa | Auren continua creciendo. Nuevo socio de Consultor\u00eda (Panorama AHK. Ed. N\u00b02. 2022)"},"content":{"rendered":"<p>La firma internacional de servicios profesionales de Auditor\u00eda, Tax &amp; Legal, Consultor\u00eda, Finanzas Corporativas y Outsourcing anuncia el nombramiento de <a href=\"https:\/\/www.linkedin.com\/in\/fabio-fabri-1540531\/\">Fabio Fabri<\/a> como nuevo socio de <a href=\"https:\/\/aurenweb-stg.servidortemporal.net\/ar\/servicios\/consultoria\/\">Consultor\u00eda<\/a>. Estar\u00e1 a cargo de las \u00e1reas de Estrategia e Innovaci\u00f3n, IT, Procesos, Transformaci\u00f3n Digital, Gesti\u00f3n de Personas y Cambio Organizacional, con una marcada mirada integradora en los negocios.<\/p>\n<p>Fabri se incorpor\u00f3 a Auren en el 2021 como Consultor Senior. Cuenta m\u00e1s de 30 a\u00f1os de experiencia en start ups, gesti\u00f3n de negocios y servicios de consultor\u00eda estrat\u00e9gica, negociaciones nacionales e internacionales, desarrollo de nuevos productos y mercados, implementaci\u00f3n de herramientas para mejorar la eficiencia y el EBIT. Tambi\u00e9n su actividad se ha focalizado en la planificaci\u00f3n estrat\u00e9gica de las compa\u00f1\u00edas, an\u00e1lisis de mercado, ventas, marketing y comunicaci\u00f3n.<\/p>\n<p>Cuenta con una extensa trayectoria y experiencia profesional en importantes firmas como Carrefour, Procter &amp; Gamble, Dow Chemical, Imperial Chemical Industries, Trabajo en el Mercado Central y en la Secretaria de Comercio y fue Presidente de la C\u00e1mara Argentina de Supermercados.<\/p>\n<h2 class=\"wp-block-heading\">\u201cEstoy entusiasmado de formar parte de este nuevo desafi\u00f3. Es un honor sumarme a este gran equipo de Auren con una visi\u00f3n innovadora de la prestaci\u00f3n de servicios y una mirada 360 frente a las necesidades del cliente\u201d <\/h2>\n<p>Es Ingeniero Industrial egresado de la Pontificia Universidad Cat\u00f3lica Argentina. Ha cursado el MBA en Marketing y Finanzas de la UCLA, graduado de los Programas de Alta Direcci\u00f3n en el IAE y la Universidad de Torcuato Di Tella.<\/p>\n<p>Se suma a los 29 socios de Auren Argentina para acompa\u00f1ar en las decisiones y desarrollo de la estrategia enfocada al crecimiento del negocio, ofreciendo soluciones personalizadas y adaptadas a la realidad de cada compa\u00f1\u00eda.<\/p>\n<div class=\"wp-block-image\">\n<figure class=\"aligncenter size-full\"><img decoding=\"async\" loading=\"lazy\" width=\"697\" height=\"509\" src=\"https:\/\/aurenweb-stg.servidortemporal.net\/ar\/wp-content\/uploads\/migration\/2022\/09\/Panoramica-1.png\" alt=\"\" class=\"wp-image-15383\" srcset=\"https:\/\/aurenweb-stg.servidortemporal.net\/ar\/wp-content\/uploads\/migration\/2022\/09\/Panoramica-1.png 697w, https:\/\/aurenweb-stg.servidortemporal.net\/ar\/wp-content\/uploads\/migration\/2022\/09\/Panoramica-1-300x219.png 300w\" sizes=\"auto, (max-width: 697px) 100vw, 697px\" \/><\/figure>\n<\/div>\n<p>Leer nota en <a href=\"https:\/\/panoramaahk.tramaglobal.com\/2022\/2daedicion\/Panorama2.html#page=1\">Revista Panorama AHK <\/a><\/p>\n<p><!-- AddThis Advanced Settings generic via filter on the_content --><!-- AddThis Share Buttons generic via filter on the_content --><\/p>\n","protected":false},"excerpt":{"rendered":"<p>La firma internacional de servicios profesionales de Auditor\u00eda, Tax &amp; Legal, Consultor\u00eda, Finanzas Corporativas y Outsourcing anuncia el nombramiento de Fabio Fabri como nuevo socio de Consultor\u00eda. Estar\u00e1 a cargo [&hellip;]<\/p>\n","protected":false},"featured_media":14179,"template":"","meta":{"_acf_changed":false,"footnotes":""},"new-category":[],"class_list":["post-14178","new","type-new","status-publish","has-post-thumbnail","hentry"],"acf":[],"_links":{"self":[{"href":"https:\/\/aurenweb-stg.servidortemporal.net\/ar\/wp-json\/wp\/v2\/new\/14178","targetHints":{"allow":["GET"]}}],"collection":[{"href":"https:\/\/aurenweb-stg.servidortemporal.net\/ar\/wp-json\/wp\/v2\/new"}],"about":[{"href":"https:\/\/aurenweb-stg.servidortemporal.net\/ar\/wp-json\/wp\/v2\/types\/new"}],"version-history":[{"count":0,"href":"https:\/\/aurenweb-stg.servidortemporal.net\/ar\/wp-json\/wp\/v2\/new\/14178\/revisions"}],"wp:featuredmedia":[{"embeddable":true,"href":"https:\/\/aurenweb-stg.servidortemporal.net\/ar\/wp-json\/wp\/v2\/media\/14179"}],"wp:attachment":[{"href":"https:\/\/aurenweb-stg.servidortemporal.net\/ar\/wp-json\/wp\/v2\/media?parent=14178"}],"wp:term":[{"taxonomy":"new-category","embeddable":true,"href":"https:\/\/aurenweb-stg.servidortemporal.net\/ar\/wp-json\/wp\/v2\/new-category?post=14178"}],"curies":[{"name":"wp","href":"https:\/\/api.w.org\/{rel}","templated":true}]}}