{"id":14347,"date":"2022-06-23T12:26:32","date_gmt":"2022-06-23T10:26:32","guid":{"rendered":"https:\/\/auren.com\/ar\/new\/novedades-auren-lanza-encuesta-la-mirada-de-los-empresarios-sobre-el-trabajo-de-la-generacion-joven\/"},"modified":"2022-06-23T12:26:32","modified_gmt":"2022-06-23T10:26:32","slug":"novedades-auren-lanza-encuesta-la-mirada-de-los-empresarios-sobre-el-trabajo-de-la-generacion-joven","status":"publish","type":"new","link":"https:\/\/aurenweb-stg.servidortemporal.net\/ar\/noticias\/novedades-auren-lanza-encuesta-la-mirada-de-los-empresarios-sobre-el-trabajo-de-la-generacion-joven\/","title":{"rendered":"Novedades | Auren lanza encuesta: la mirada de los empresarios sobre el trabajo de la generaci\u00f3n joven"},"content":{"rendered":"<p><a href=\"https:\/\/aurenweb-stg.servidortemporal.net\/ar\/\">Auren Argentina<\/a> lanza la segunda encuesta virtual para conocer <a href=\"https:\/\/bit.ly\/3Om8gal\">la mirada de los empresarios sobre la generaci\u00f3n de los j\u00f3venes profesionales en el mundo laboral<\/a>. C\u00f3mo ven su futuro, cu\u00e1les son los valores, intereses, preocupaciones y expectativas de la nueva generaci\u00f3n a la hora de trabajar.<\/p>\n<p>Se trata de una nueva edici\u00f3n de <strong>\u201cBr\u00fajula de Negocios\u201d<\/strong> dirigida a los empresarios. En el mes de marzo, <a href=\"https:\/\/aurenweb-stg.servidortemporal.net\/ar\/\">Auren<\/a> realiz\u00f3 la primera <a href=\"https:\/\/aurenweb-stg.servidortemporal.net\/ar\/publicaciones\/brujula-de-negocios-2022-jovenes-profesionales\/\">encuesta para los j\u00f3venes profesionales<\/a> que permiti\u00f3 conocer la realidad de m\u00e1s de 300 j\u00f3venes. Expresaron qu\u00e9 piensan hoy, qu\u00e9 buscan, sus miedos, preocupaciones, intereses, valores y su visi\u00f3n de futuro.<\/p>\n<p>El objetivo de esta segunda encuesta es conocer ahora la mirada de los empresarios sobre la generaci\u00f3n de j\u00f3venes profesionales. Los l\u00edderes de las empresas son quienes tienen el desaf\u00edo de comprender las nuevas tendencias en el mundo laboral, c\u00f3mo motivar a los trabajadores y ayudar a los talentos a profundizar sus capacidades.<\/p>\n<p>La encuesta es an\u00f3nima y est\u00e1 disponible de manera on line en<\/p>\n<p>&nbsp;&#x1f449; <a href=\"https:\/\/bit.ly\/3Om8gal\">https:\/\/bit.ly\/3Om8gal<\/a><\/p>\n<p><!-- AddThis Advanced Settings generic via filter on the_content --><!-- AddThis Share Buttons generic via filter on the_content --><\/p>\n","protected":false},"excerpt":{"rendered":"<p>Auren Argentina lanza la segunda encuesta virtual para conocer la mirada de los empresarios sobre la generaci\u00f3n de los j\u00f3venes profesionales en el mundo laboral. C\u00f3mo ven su futuro, cu\u00e1les [&hellip;]<\/p>\n","protected":false},"featured_media":14348,"template":"","meta":{"_acf_changed":false,"footnotes":""},"new-category":[],"class_list":["post-14347","new","type-new","status-publish","has-post-thumbnail","hentry"],"acf":[],"_links":{"self":[{"href":"https:\/\/aurenweb-stg.servidortemporal.net\/ar\/wp-json\/wp\/v2\/new\/14347","targetHints":{"allow":["GET"]}}],"collection":[{"href":"https:\/\/aurenweb-stg.servidortemporal.net\/ar\/wp-json\/wp\/v2\/new"}],"about":[{"href":"https:\/\/aurenweb-stg.servidortemporal.net\/ar\/wp-json\/wp\/v2\/types\/new"}],"version-history":[{"count":0,"href":"https:\/\/aurenweb-stg.servidortemporal.net\/ar\/wp-json\/wp\/v2\/new\/14347\/revisions"}],"wp:featuredmedia":[{"embeddable":true,"href":"https:\/\/aurenweb-stg.servidortemporal.net\/ar\/wp-json\/wp\/v2\/media\/14348"}],"wp:attachment":[{"href":"https:\/\/aurenweb-stg.servidortemporal.net\/ar\/wp-json\/wp\/v2\/media?parent=14347"}],"wp:term":[{"taxonomy":"new-category","embeddable":true,"href":"https:\/\/aurenweb-stg.servidortemporal.net\/ar\/wp-json\/wp\/v2\/new-category?post=14347"}],"curies":[{"name":"wp","href":"https:\/\/api.w.org\/{rel}","templated":true}]}}