{"id":14395,"date":"2022-06-08T10:22:09","date_gmt":"2022-06-08T08:22:09","guid":{"rendered":"https:\/\/auren.com\/ar\/new\/prensa-que-hace-un-lider-de-transformacion-digital-iproup-7-6-2022\/"},"modified":"2022-06-08T10:22:09","modified_gmt":"2022-06-08T08:22:09","slug":"prensa-que-hace-un-lider-de-transformacion-digital-iproup-7-6-2022","status":"publish","type":"new","link":"https:\/\/aurenweb-stg.servidortemporal.net\/ar\/noticias\/prensa-que-hace-un-lider-de-transformacion-digital-iproup-7-6-2022\/","title":{"rendered":"Prensa | Qu\u00e9 hace un \u00abl\u00edder de transformaci\u00f3n digital\u00bb (IproUp\u00a07.6.2022)"},"content":{"rendered":"<h2 class=\"wp-block-heading\"><strong>Se trata de uno de los perfiles de transformaci\u00f3n digital m\u00e1s demandados. Sus servicios se requieren en todo tipo de organizaciones y muchos ya exportan su trabajo<\/strong>.<\/h2>\n<p>Cualquier empresa que no ingrese en la transformaci\u00f3n digital&nbsp;tiene altas chances de quedar relegada&nbsp;y hasta fuera de competencia en los&nbsp;pr\u00f3ximos a\u00f1os. Esto implica mucho m\u00e1s que incluir tecnolog\u00eda en los proyectos: incluye la reconversi\u00f3n de los talentos y una evoluci\u00f3n cultural que, s\u00ed o s\u00ed, debe encarar toda la organizaci\u00f3n.<\/p>\n<p>Por esto,&nbsp;los especialistas en transformaci\u00f3n digital son muy buscados, tanto que se convirtieron en asesores que muchas veces se desempe\u00f1an de modo&nbsp;freelance y para otros pa\u00edses.&nbsp;\u00abSon los que&nbsp;acompa\u00f1an a las compa\u00f1\u00edas en su adaptaci\u00f3n&nbsp;y un camino seguro hacia la aplicaci\u00f3n y&nbsp;uso correcto de innovaciones\u00bb, se\u00f1ala a&nbsp;Yery\u00e9 Berm\u00fadez, gerente de Adecco Argentina.<\/p>\n<h2 class=\"wp-block-heading\">\u00bfCu\u00e1les son las habilidades m\u00e1s buscadas en un l\u00edder de transformaci\u00f3n digital?<\/h2>\n<p>No es f\u00e1cil dar con el talento adecuado, y muchos recomiendan evaluar sus \u00e9xitos en gestiones previas antes de contratar al profesional. As\u00ed, Alfredo Terlizzi, CEO de Workia enumera las&nbsp;<strong>habilidades m\u00e1s importantes<\/strong>:<\/p>\n<ul>\n<li><strong>Capacidad para gestionar cultura y&nbsp;<em>change management<\/em><\/strong><\/li>\n<li><strong>Saber trabajar con directivos y el&nbsp;<em>board<\/em>&nbsp;de direcci\u00f3n<\/strong><\/li>\n<li><strong>Conocimiento en productos y nuevas tecnolog\u00edas, siendo un referente en esto<\/strong><\/li>\n<li><strong>Habilidad para poner foco en las personas.<\/strong><\/li>\n<li><strong>Capacidad metodol\u00f3gica y de consultor\u00eda: es clave para estructurar los programas y sus alcances<\/strong><\/li>\n<li><strong>Orientaci\u00f3n a Resultados y&nbsp;<em>Data Analytics<\/em><\/strong><\/li>\n<li><strong>Creatividad e innovaci\u00f3n<\/strong><\/li>\n<li><strong>Resiliencia<\/strong><\/li>\n<\/ul>\n<p>\u00abAdicionalmente, se busca que tengan&nbsp;<strong>capacidad para manejar equipos multidisciplinarios<\/strong>, manejo de emociones,&nbsp;<strong>metodolog\u00edas \u00e1giles<\/strong>&nbsp;y centradas en los clientes, y&nbsp;<strong>experiencia en trabajos en entornos de incertidumbre<\/strong>\u00ab, destaca&nbsp;<a href=\"https:\/\/www.linkedin.com\/in\/sebastian-maciarello-4887341b\/\">Sebasti\u00e1n Maciarello<\/a>, gerente de <a href=\"https:\/\/aurenweb-stg.servidortemporal.net\/ar\/servicios\/outsourcing\/bpo-business-process-outsourcing\/\">BPO<\/a> y <a href=\"https:\/\/aurenweb-stg.servidortemporal.net\/ar\/servicios\/consultoria\/hr\/\">Selecci\u00f3n<\/a> de <a href=\"https:\/\/aurenweb-stg.servidortemporal.net\/ar\/\">Auren Argentina<\/a>.<\/p>\n<p>Leer la nota completa en <a href=\"https:\/\/www.iproup.com\/empleo\/30877-empleo-que-hace-y-cuanto-gana-un-lider-de-transformacion-digital\">IproUp<\/a><\/p>\n<p><!-- AddThis Advanced Settings generic via filter on the_content --><!-- AddThis Share Buttons generic via filter on the_content --><\/p>\n","protected":false},"excerpt":{"rendered":"<p>Se trata de uno de los perfiles de transformaci\u00f3n digital m\u00e1s demandados. Sus servicios se requieren en todo tipo de organizaciones y muchos ya exportan su trabajo. Cualquier empresa que [&hellip;]<\/p>\n","protected":false},"featured_media":14396,"template":"","meta":{"_acf_changed":false,"footnotes":""},"new-category":[],"class_list":["post-14395","new","type-new","status-publish","has-post-thumbnail","hentry"],"acf":[],"_links":{"self":[{"href":"https:\/\/aurenweb-stg.servidortemporal.net\/ar\/wp-json\/wp\/v2\/new\/14395","targetHints":{"allow":["GET"]}}],"collection":[{"href":"https:\/\/aurenweb-stg.servidortemporal.net\/ar\/wp-json\/wp\/v2\/new"}],"about":[{"href":"https:\/\/aurenweb-stg.servidortemporal.net\/ar\/wp-json\/wp\/v2\/types\/new"}],"version-history":[{"count":0,"href":"https:\/\/aurenweb-stg.servidortemporal.net\/ar\/wp-json\/wp\/v2\/new\/14395\/revisions"}],"wp:featuredmedia":[{"embeddable":true,"href":"https:\/\/aurenweb-stg.servidortemporal.net\/ar\/wp-json\/wp\/v2\/media\/14396"}],"wp:attachment":[{"href":"https:\/\/aurenweb-stg.servidortemporal.net\/ar\/wp-json\/wp\/v2\/media?parent=14395"}],"wp:term":[{"taxonomy":"new-category","embeddable":true,"href":"https:\/\/aurenweb-stg.servidortemporal.net\/ar\/wp-json\/wp\/v2\/new-category?post=14395"}],"curies":[{"name":"wp","href":"https:\/\/api.w.org\/{rel}","templated":true}]}}