{"id":14459,"date":"2022-04-25T13:15:40","date_gmt":"2022-04-25T11:15:40","guid":{"rendered":"https:\/\/auren.com\/ar\/new\/prensa-tributaristas-y-exportadores-rechazaron-el-nuevo-impuesto-a-la-ganancia-inesperada-la-nacion-18-4-2022\/"},"modified":"2022-04-25T13:15:40","modified_gmt":"2022-04-25T11:15:40","slug":"prensa-tributaristas-y-exportadores-rechazaron-el-nuevo-impuesto-a-la-ganancia-inesperada-la-nacion-18-4-2022","status":"publish","type":"new","link":"https:\/\/aurenweb-stg.servidortemporal.net\/ar\/noticias\/prensa-tributaristas-y-exportadores-rechazaron-el-nuevo-impuesto-a-la-ganancia-inesperada-la-nacion-18-4-2022\/","title":{"rendered":"Prensa. Tributaristas y exportadores rechazaron el nuevo impuesto a la ganancia inesperada (La Naci\u00f3n 18.4.2022)"},"content":{"rendered":"<h2 class=\"wp-block-heading\">Opinaron que ya no hay tolerancia a una mayor carga fiscal y que el proyecto del nuevo impuesto a la ganancia inesperada no ser\u00e1 avalado en el Congreso.<\/h2>\n<p>Apenas el ministro de Econom\u00eda, Mart\u00edn Guzm\u00e1n, anunci\u00f3 que se va a analizar un impuesto a la \u201cganancia inesperada\u201d, sobre aquellos que obtengan r\u00e9ditos extraordinarios derivados de las consecuencias de la guerra entre Ucrania y Rusia,&nbsp;<strong>comenzaron las opiniones de tributaristas y de representantes de sectores que podr\u00edan ser alcanzados.<\/strong><\/p>\n<p>En t\u00e9rminos generales,&nbsp;<strong>consideraron que no hay lugar en el pa\u00eds para una mayor carga fiscal,<\/strong>&nbsp;mientras que en lo estrictamente t\u00e9cnico&nbsp;<strong>surgieron dudas sobre la determinaci\u00f3n de qui\u00e9nes ser\u00e1n afectados por este nuevo impuesto y sobre la posibilidad de que sea aprobado en el Congreso de la Naci\u00f3n<\/strong>.<\/p>\n<p>El tributarista C\u00e9sar Litvin, CEO del estudio Lisicky, Litvin y Asociados, se mostr\u00f3 muy contrario a la implementaci\u00f3n de este nuevo gravamen.&nbsp;<strong>\u201cHay que tener en cuenta que las empresas que sean alcanzadas ya pagan Ganancias. Adem\u00e1s, \u00bfqu\u00e9 pasa si las empresas alcanzadas tuvieron otras p\u00e9rdidas que compensan esas ganancias que se les cuentan?\u201d<\/strong>, analiz\u00f3 el especialista. \u201cEn mi opini\u00f3n, esto no pasa el Congreso\u201d, agreg\u00f3.<\/p>\n<p>Litvin adem\u00e1s critic\u00f3 el hecho de que se determine qui\u00e9n tendr\u00e1 ganancia inesperada sobre la base de una comparaci\u00f3n entre lo obtenido en 2022 y lo logrado en 2021. \u201c<strong>Es obvio que va a haber mejores resultados este a\u00f1o, porque el a\u00f1o pasado todav\u00eda hab\u00eda pandemia y algunas actividades segu\u00edan con restricciones.&nbsp;<\/strong>Adem\u00e1s, habr\u00e1 que ver si se tendr\u00e1 en cuenta todo 2022 porque, de ser as\u00ed, la recaudaci\u00f3n de este impuesto se har\u00e1 reci\u00e9n en 2023, por lo que se producir\u00e1 un desajuste de tiempos con la contribuci\u00f3n a sectores informales y jubilados, ya que su pago ser\u00e1 inmediato\u201d, explic\u00f3 el tributarista.<\/p>\n<p><a href=\"https:\/\/www.linkedin.com\/in\/gabrielhermida\/\">Gabriel Hermida<\/a>, socio de <a href=\"https:\/\/aurenweb-stg.servidortemporal.net\/ar\/servicios\/tax-legal\/impuestos\/\">Impuestos<\/a> <a href=\"https:\/\/aurenweb-stg.servidortemporal.net\/ar\/\">Auren Argentina<\/a>, opin\u00f3 que este impuesto no tiene ning\u00fan sentido.&nbsp;<strong>\u201cComo el Estado no se achica y no reduce los gastos, se inventan estos impuestos que lo \u00fanico que hacen es seguir generando total desconfianza en la seguridad jur\u00eddica del pa\u00eds y seguir impulsando a las empresas a irse del pa\u00eds, en lugar de seguir creando riqueza\u201d<\/strong>, subray\u00f3 el tributarista.<\/p>\n<p>Leer la nota completa en <a href=\"https:\/\/www.lanacion.com.ar\/economia\/tributaristas-y-exportadores-rechazaron-el-nuevo-impuesto-a-la-ganancia-inesperada-nid18042022\/?utm_source=Icommarketing&amp;utm_medium=email&amp;utm_content=Prensa&amp;utm_campaign=Icommarketing+-+News+-+Auren+en+La+Nacion+18.4.2022\">La Naci\u00f3n<\/a><\/p>\n<p><!-- AddThis Advanced Settings generic via filter on the_content --><!-- AddThis Share Buttons generic via filter on the_content --><\/p>\n","protected":false},"excerpt":{"rendered":"<p>Opinaron que ya no hay tolerancia a una mayor carga fiscal y que el proyecto del nuevo impuesto a la ganancia inesperada no ser\u00e1 avalado en el Congreso. Apenas el [&hellip;]<\/p>\n","protected":false},"featured_media":14460,"template":"","meta":{"_acf_changed":false,"footnotes":""},"new-category":[],"class_list":["post-14459","new","type-new","status-publish","has-post-thumbnail","hentry"],"acf":[],"_links":{"self":[{"href":"https:\/\/aurenweb-stg.servidortemporal.net\/ar\/wp-json\/wp\/v2\/new\/14459","targetHints":{"allow":["GET"]}}],"collection":[{"href":"https:\/\/aurenweb-stg.servidortemporal.net\/ar\/wp-json\/wp\/v2\/new"}],"about":[{"href":"https:\/\/aurenweb-stg.servidortemporal.net\/ar\/wp-json\/wp\/v2\/types\/new"}],"version-history":[{"count":0,"href":"https:\/\/aurenweb-stg.servidortemporal.net\/ar\/wp-json\/wp\/v2\/new\/14459\/revisions"}],"wp:featuredmedia":[{"embeddable":true,"href":"https:\/\/aurenweb-stg.servidortemporal.net\/ar\/wp-json\/wp\/v2\/media\/14460"}],"wp:attachment":[{"href":"https:\/\/aurenweb-stg.servidortemporal.net\/ar\/wp-json\/wp\/v2\/media?parent=14459"}],"wp:term":[{"taxonomy":"new-category","embeddable":true,"href":"https:\/\/aurenweb-stg.servidortemporal.net\/ar\/wp-json\/wp\/v2\/new-category?post=14459"}],"curies":[{"name":"wp","href":"https:\/\/api.w.org\/{rel}","templated":true}]}}