{"id":15992,"date":"2019-08-12T12:54:22","date_gmt":"2019-08-12T10:54:22","guid":{"rendered":"https:\/\/auren.com\/ar\/new\/prensa-primer-empleo-capacitan-a-jovenes-como-analistas-contables-diario-clarin-11-8-2019\/"},"modified":"2019-08-12T12:54:22","modified_gmt":"2019-08-12T10:54:22","slug":"prensa-primer-empleo-capacitan-a-jovenes-como-analistas-contables-diario-clarin-11-8-2019","status":"publish","type":"new","link":"https:\/\/aurenweb-stg.servidortemporal.net\/ar\/noticias\/prensa-primer-empleo-capacitan-a-jovenes-como-analistas-contables-diario-clarin-11-8-2019\/","title":{"rendered":"Prensa. Primer Empleo: Capacitan a j\u00f3venes como analistas contables (Diario Clar\u00edn 11\/8\/2019)"},"content":{"rendered":"<\/p>\n<p>Primer empleo <\/p>\n<h1>Capacitan a j\u00f3venes como analistas contables<\/h1>\n<h2><sub><br \/><\/sub><\/h2>\n<p><strong>Por el programa A la par, 140 j\u00f3venes hicieron pr\u00e1cticas en empresas.&nbsp;El 30% fue contratado.<\/strong><\/p>\n<p class=\"text-justify\">De los 182 j\u00f3venes que se formaron en los cursos del programa \u201cA la par\u201d desde 2017,&nbsp;<strong>140 se incorporaron como aprendices en \u00e1reas contables<\/strong>&nbsp;y de administraci\u00f3n de consultoras y empresas y, finalmente,<strong>&nbsp;41 quedaron contratados<\/strong>.<\/p>\n<p class=\"text-justify\">\u201cContadores y actuarios son perfiles que tienen una demanda sostenida. Cuando arrancamos el programa, la idea fue aprovechar esta situaci\u00f3n\u201d, cuenta Cristian Cabrera, gerente de Marketing del Consejo Profesional de Ciencias Econ\u00f3micas de la Ciudad de Buenos Aires, que lanz\u00f3 esta iniciativa articulando esfuerzos con el gobierno de la Ciudad, la Fundaci\u00f3n Forge y empresas del sector. <\/p>\n<p class=\"text-justify\">El programa est\u00e1 orientado a&nbsp;<strong>facilitar la empleabilidad de j\u00f3venes egresados de escuelas secundarias en zonas vulnerables<\/strong>. \u201cLa difusi\u00f3n para que los chicos se presenten la hace, por un lado, la Ciudad y, por el otro, algunas facultades con las que estamos trabajando en zonas carenciadas, como la UN de La Matanza y la de Jos\u00e9 C. Paz\u201d, agrega Cabrera. <\/p>\n<p class=\"text-justify\">Los requisitos para inscribirse son tener entre 18 y 24 a\u00f1os, estudios secundarios completos, estar desempleado, no percibir subsidios o pensiones remunerativas (salvo la AUH) y tener vocaci\u00f3n por las Ciencias Econ\u00f3micas o carreras afines. Adem\u00e1s, \u201cla Fundaci\u00f3n Forges, nuestro aliado en esto, hace dos encuentros con ellos y eval\u00faa los aspectos actitudinales y algunos aspectos socioecon\u00f3micos de los postulantes\u201d. <\/p>\n<p class=\"text-justify\">Los inscriptos pasan por una capacitaci\u00f3n en temas relacionados con n<strong>ociones b\u00e1sicas de contabilidad, auditor\u00eda, documentos comerciales y organizaci\u00f3n de la empresa<\/strong>, as\u00ed como de herramientas inform\u00e1ticas (planillas de c\u00e1lculos, presentaciones, etc.), a cargo del Consejo. Adem\u00e1s, la Fundaci\u00f3n Forge los entrena en \u201chabilidades blandas\u201d.<\/p>\n<p class=\"text-justify\">Todos los que aprueban los ex\u00e1menes al concluir la capacitaci\u00f3n reciben un diploma y pasan a realizar una pr\u00e1ctica rentada, en el marco del esquema de Entrenamiento para el Trabajo del Ministerio de Producci\u00f3n y Trabajo, que se hace cargo de una parte de la ayuda econ\u00f3mica que reciben los practicantes. Las empresas completan el estipendio y les proporcionan cobertura de seguro de accidentes personales y un Plan M\u00e9dico Obligatorio. <\/p>\n<p class=\"text-justify\">\u201cLa idea es que los estudiantes<strong>&nbsp;experimenten una vivencia que posiblemente de otra forma les ser\u00eda ajena<\/strong>&nbsp;y que puedan asimilar que, a partir del trabajo, el compromiso y la capacitaci\u00f3n, es posible el desarrollo personal y econ\u00f3mico\u201d, dicen desde el Consejo. <\/p>\n<p class=\"text-justify\">En las dos primeras ediciones del programa participaron las llamadas \u201cbig four\u201d: KPMG, PwC, Ey y Deloitte. La tercera edici\u00f3n comenz\u00f3 en octubre de 2018. La capacitaci\u00f3n se extendi\u00f3 hasta fines de enero de este a\u00f1o y durante febrero se firmaron convenios con las 13 empresas que iban a recibir a los participantes, que fueron incorporados por tres o seis meses desde marzo. <\/p>\n<p class=\"text-justify\">Auren, la firma de consultor\u00eda, recibi\u00f3 a 4 practicantes en las \u00e1reas de Auditor\u00eda y Outsourcing. \u201cLos capacitamos como a un asistente de cada \u00e1rea. La verdad es que todos tuvieron mucha predisposici\u00f3n\u201d, cuenta D\u00e9bora Querchi, gerente de gesti\u00f3n de Personas. All\u00ed qued\u00f3 contratado Juli\u00e1n, para el \u00e1rea de Auditor\u00eda, que est\u00e1 haciendo el CBC para Contador P\u00fablico. \u201cLa experiencia fue excelente, por eso<strong>&nbsp;la vamos a repetir<\/strong>\u201d, dice Querchi. <\/p>\n<p class=\"text-justify\">\n<p class=\"text-justify\">Continuar la nota completa en&nbsp;<a href=\"https:\/\/www.clarin.com\/economia\/capacitan-jovenes-analistas-contables_0_gOt1cCZzl.html\">https:\/\/www.clarin.com\/economia\/capacitan-jovenes-analistas-contables_0_gOt1cCZzl.html<\/a><\/p>\n<p class=\"text-justify\">\n<p class=\"text-justify\">\n<p class=\"text-justify\">\n<p class=\"text-justify\">\n<p><!-- AddThis Advanced Settings generic via filter on the_content --><!-- AddThis Share Buttons generic via filter on the_content --><\/p>\n","protected":false},"excerpt":{"rendered":"<p>Por D\u00e9bora Querchi, Gerente de Gesti\u00f3n de Personas de Auren.<\/p>\n","protected":false},"featured_media":15993,"template":"","meta":{"_acf_changed":false,"footnotes":""},"new-category":[],"class_list":["post-15992","new","type-new","status-publish","has-post-thumbnail","hentry"],"acf":[],"_links":{"self":[{"href":"https:\/\/aurenweb-stg.servidortemporal.net\/ar\/wp-json\/wp\/v2\/new\/15992","targetHints":{"allow":["GET"]}}],"collection":[{"href":"https:\/\/aurenweb-stg.servidortemporal.net\/ar\/wp-json\/wp\/v2\/new"}],"about":[{"href":"https:\/\/aurenweb-stg.servidortemporal.net\/ar\/wp-json\/wp\/v2\/types\/new"}],"version-history":[{"count":0,"href":"https:\/\/aurenweb-stg.servidortemporal.net\/ar\/wp-json\/wp\/v2\/new\/15992\/revisions"}],"wp:featuredmedia":[{"embeddable":true,"href":"https:\/\/aurenweb-stg.servidortemporal.net\/ar\/wp-json\/wp\/v2\/media\/15993"}],"wp:attachment":[{"href":"https:\/\/aurenweb-stg.servidortemporal.net\/ar\/wp-json\/wp\/v2\/media?parent=15992"}],"wp:term":[{"taxonomy":"new-category","embeddable":true,"href":"https:\/\/aurenweb-stg.servidortemporal.net\/ar\/wp-json\/wp\/v2\/new-category?post=15992"}],"curies":[{"name":"wp","href":"https:\/\/api.w.org\/{rel}","templated":true}]}}