{"id":16041,"date":"2019-06-10T15:04:55","date_gmt":"2019-06-10T13:04:55","guid":{"rendered":"https:\/\/auren.com\/ar\/new\/auren-sponsor-de-summit-2019-iae\/"},"modified":"2019-06-10T15:04:55","modified_gmt":"2019-06-10T13:04:55","slug":"auren-sponsor-de-summit-2019-iae","status":"publish","type":"new","link":"https:\/\/aurenweb-stg.servidortemporal.net\/ar\/noticias\/auren-sponsor-de-summit-2019-iae\/","title":{"rendered":"Auren sponsor de SUMMIT 2019 IAE"},"content":{"rendered":"<p><font><font><strong><br \/><\/strong><\/font><\/font><\/p>\n<figure><img decoding=\"async\" loading=\"lazy\" src=\"https:\/\/d33c2a5xmvj7uh.cloudfront.net\/images\/originals\/logo-summit-19.png?v=1560179073\" data-image=\"9995126\" style=\"width: 193px; height: 183px;\" width=\"193\" height=\"183\"><\/figure>\n<p><font><font><strong><br \/><\/strong><\/font><\/font><\/p>\n<p><font><font><strong>IAE Summit 2019<\/strong>, el evento m\u00e1s importante del a\u00f1o para la comunidad empresaria, una jornada de impacto 360 que abarcar\u00e1 la disrupci\u00f3n tecnol\u00f3gica, innovaci\u00f3n, sustentabilidad, inteligencia artificial, diversidad, entre otros temas que te har\u00e1n reflexionar con una mirada exponencial sobre el futuro del trabajo y de la educaci\u00f3n.<\/font><\/font><\/p>\n<p><font><font><font><font><strong>Auren Argentina<\/strong> estar\u00e1 presente como Sponsor del evento. Visit\u00e1 &nbsp;nuestro stand donde podr\u00e1s conocer acerca de nuestros servicios.&nbsp;Tendremos actividades y sorteos.<\/font><\/font><\/font><\/font><\/p>\n<p><font><font><font><font><br \/><\/font><\/font><\/font><\/font><\/p>\n<p><a href=\"https:\/\/www.iae.edu.ar\/es\/LaEscuela\/Eventos\/Paginas\/Summit-2019.aspx\"><font><font><\/font><\/font><\/a><font><font><a href=\"https:\/\/www.iae.edu.ar\/es\/LaEscuela\/Eventos\/Paginas\/Summit-2019.aspx\">https:\/\/www.iae.edu.ar\/es\/LaEs&#8230;<\/a><\/font><\/font><\/p>\n<\/p>\n<p><!-- AddThis Advanced Settings generic via filter on the_content --><!-- AddThis Share Buttons generic via filter on the_content --><\/p>\n","protected":false},"excerpt":{"rendered":"<p>Viernes 28 de Junio en La Rural.<\/p>\n","protected":false},"featured_media":16042,"template":"","meta":{"_acf_changed":false,"footnotes":""},"new-category":[],"class_list":["post-16041","new","type-new","status-publish","has-post-thumbnail","hentry"],"acf":[],"_links":{"self":[{"href":"https:\/\/aurenweb-stg.servidortemporal.net\/ar\/wp-json\/wp\/v2\/new\/16041","targetHints":{"allow":["GET"]}}],"collection":[{"href":"https:\/\/aurenweb-stg.servidortemporal.net\/ar\/wp-json\/wp\/v2\/new"}],"about":[{"href":"https:\/\/aurenweb-stg.servidortemporal.net\/ar\/wp-json\/wp\/v2\/types\/new"}],"version-history":[{"count":0,"href":"https:\/\/aurenweb-stg.servidortemporal.net\/ar\/wp-json\/wp\/v2\/new\/16041\/revisions"}],"wp:featuredmedia":[{"embeddable":true,"href":"https:\/\/aurenweb-stg.servidortemporal.net\/ar\/wp-json\/wp\/v2\/media\/16042"}],"wp:attachment":[{"href":"https:\/\/aurenweb-stg.servidortemporal.net\/ar\/wp-json\/wp\/v2\/media?parent=16041"}],"wp:term":[{"taxonomy":"new-category","embeddable":true,"href":"https:\/\/aurenweb-stg.servidortemporal.net\/ar\/wp-json\/wp\/v2\/new-category?post=16041"}],"curies":[{"name":"wp","href":"https:\/\/api.w.org\/{rel}","templated":true}]}}