{"id":16063,"date":"2019-05-29T14:33:07","date_gmt":"2019-05-29T12:33:07","guid":{"rendered":"https:\/\/auren.com\/ar\/new\/nuevo-lider-de-compliance-y-derecho-penal-de-empresas-en-auren-legales\/"},"modified":"2019-05-29T14:33:07","modified_gmt":"2019-05-29T12:33:07","slug":"nuevo-lider-de-compliance-y-derecho-penal-de-empresas-en-auren-legales","status":"publish","type":"new","link":"https:\/\/aurenweb-stg.servidortemporal.net\/ar\/noticias\/nuevo-lider-de-compliance-y-derecho-penal-de-empresas-en-auren-legales\/","title":{"rendered":"Nuevo l\u00edder de Compliance y Derecho Penal de empresas en Auren Legales"},"content":{"rendered":"<\/p>\n<p><strong>Auren<\/strong> , firma internacional de servicios profesionales de auditor\u00eda, asesor\u00eda, consultor\u00eda, finanzas corporativas y Legales, incorpora a&nbsp; <strong>Claudio Lamela<\/strong> , abogado penalista, como nuevo responsable de Legales, liderando las \u00e1reas de&nbsp; <strong>Cumplimiento y Derecho Penal<\/strong> . <\/p>\n<p>Lamela se suma al equipo de m\u00e1s de 370 abogados, en nuestras 54 oficinas en el mundo. De esta manera, Auren continu\u00f3 brindando sus servicios de alta calidad, en forma personalizada respondiendo al exigente mercado actual.<\/p>\n<p>&nbsp;Director General&nbsp;  <strong>de Asuntos Penales&nbsp;<\/strong> del&nbsp;  <strong>Banco Central de la Rep\u00fablica Argentina<\/strong>  &nbsp;(BCRA), Secretario de Justicia Federal, Asesor de la Presidencia del BCRA, Senado de la Naci\u00f3n Argentina y Consejo de la Magistratura del Poder Judicial argentino<\/p>\n<p>Adem\u00e1s, es co-autor de la \u00bb <strong>Ley Comentada de Responsabilidad Penal de las Personas Jur\u00eddicas<\/strong> \u00bb de Editorial Hammurabbi, de reciente publicaci\u00f3n. Especialista consultado por la Comisi\u00f3n de Reforma al C\u00f3digo Penal del Ministerio de Justicia, en materia de responsabilidad penal de las personas jur\u00eddicas.<\/p>\n<\/p>\n<p>Ver la nota completa en&nbsp;<a href=\"https:\/\/www.abogados.com.ar\/nuevo-lider-de-compliance-y-derecho-penal-de-empresas-en-auren-legales\/23535\">https:\/\/www.abogados.com.ar\/nuevo-lider-de-compliance-y-derecho-penal-de-empresas-en-auren-legales\/23535<\/a><\/p>\n<\/p>\n<p><!-- AddThis Advanced Settings generic via filter on the_content --><!-- AddThis Share Buttons generic via filter on the_content --><\/p>\n","protected":false},"excerpt":{"rendered":"<p>Nombramiento en Auren Legales. Publicado en Abogados.com.ar<\/p>\n","protected":false},"featured_media":0,"template":"","meta":{"_acf_changed":false,"footnotes":""},"new-category":[],"class_list":["post-16063","new","type-new","status-publish","hentry"],"acf":[],"_links":{"self":[{"href":"https:\/\/aurenweb-stg.servidortemporal.net\/ar\/wp-json\/wp\/v2\/new\/16063","targetHints":{"allow":["GET"]}}],"collection":[{"href":"https:\/\/aurenweb-stg.servidortemporal.net\/ar\/wp-json\/wp\/v2\/new"}],"about":[{"href":"https:\/\/aurenweb-stg.servidortemporal.net\/ar\/wp-json\/wp\/v2\/types\/new"}],"version-history":[{"count":0,"href":"https:\/\/aurenweb-stg.servidortemporal.net\/ar\/wp-json\/wp\/v2\/new\/16063\/revisions"}],"wp:attachment":[{"href":"https:\/\/aurenweb-stg.servidortemporal.net\/ar\/wp-json\/wp\/v2\/media?parent=16063"}],"wp:term":[{"taxonomy":"new-category","embeddable":true,"href":"https:\/\/aurenweb-stg.servidortemporal.net\/ar\/wp-json\/wp\/v2\/new-category?post=16063"}],"curies":[{"name":"wp","href":"https:\/\/api.w.org\/{rel}","templated":true}]}}