{"id":16076,"date":"2019-05-24T12:38:43","date_gmt":"2019-05-24T10:38:43","guid":{"rendered":"https:\/\/auren.com\/ar\/new\/las-organizaciones-del-futuro-en-mendoza\/"},"modified":"2019-05-24T12:38:43","modified_gmt":"2019-05-24T10:38:43","slug":"las-organizaciones-del-futuro-en-mendoza","status":"publish","type":"new","link":"https:\/\/aurenweb-stg.servidortemporal.net\/ar\/noticias\/las-organizaciones-del-futuro-en-mendoza\/","title":{"rendered":"Las Organizaciones del Futuro en Mendoza"},"content":{"rendered":"<p><strong>Auren,<\/strong> firma de servicios avanzada en auditor\u00eda, asesor\u00eda, consultor\u00eda, finanzas corporativas y legales, tiene abierta las inscripciones para el <strong>desayuno \u00abLas organizaciones del futuro<\/strong> \u00bb y Te invitamos a conocer a las personas que tienen las competencias necesarias para ser exitosas en el \u00e9xito. Mundo VICA que estamos viviendo, Contexto, caracter\u00edsticas y camino a seguir.   <\/p>\n<p>El desayuno se dictar\u00e1 el mi\u00e9rcoles 29 de mayo de 8:30 a 11: 00hs, en el Hotel Diplom\u00e1tico &#8211; Sal\u00f3n Imperial; AV. Belgrano 1041, Mendoza.<\/p>\n<p>Durante la ponencia, repasar\u00e1n cu\u00e1les son las caracter\u00edsticas que deber\u00e1n desarrollar las empresas para ser exitosas en el mundo VICA que estamos viviendo.<\/p>\n<p><strong>\u2022 Contexto empresarial actual<\/strong><\/p>\n<p><strong>\u2022 Caracter\u00edsticas de las Organizaciones Exponenciales<\/strong>   <\/p>\n<p><strong>\u2022 Camino para desarrollar las competencias necesarias<\/strong>   <\/p>\n<p>&nbsp;   <\/p>\n<p><strong>ORADORES:<\/strong>   <\/p>\n<ul>\n<li><em>Sebasti\u00e1n Inchauspe<\/em> , Experto en Estrategia e Innovaci\u00f3n. Facilitador de Design Thinking para la Innovaci\u00f3n. 10+ a\u00f1os de experiencia profesional en consultor\u00eda a nivel internacional, en estrategia, innovaci\u00f3n. Docente de IAE Business School, la Universidad de San Andr\u00e9s y la UTN Regional Pacheco.   <\/li>\n<li><em>Diego Erben<\/em> , Socio de IT en Auren. Profesional con m\u00e1s de 10 a\u00f1os de experiencias en soluciones tecnol\u00f3gicas de negocio. Docente UNLP en el programa de postgrado Gesti\u00f3n de las tecnolog\u00edas de la informaci\u00f3n.   <\/li>\n<\/ul>\n<p>&nbsp; <\/p>\n<\/p>\n<p><!-- AddThis Advanced Settings generic via filter on the_content --><!-- AddThis Share Buttons generic via filter on the_content --><\/p>\n","protected":false},"excerpt":{"rendered":"<p>Publicado en Novedades AHK &#8211; C\u00e1mara de Comercio Argentino Alemana.<\/p>\n","protected":false},"featured_media":16077,"template":"","meta":{"_acf_changed":false,"footnotes":""},"new-category":[],"class_list":["post-16076","new","type-new","status-publish","has-post-thumbnail","hentry"],"acf":[],"_links":{"self":[{"href":"https:\/\/aurenweb-stg.servidortemporal.net\/ar\/wp-json\/wp\/v2\/new\/16076","targetHints":{"allow":["GET"]}}],"collection":[{"href":"https:\/\/aurenweb-stg.servidortemporal.net\/ar\/wp-json\/wp\/v2\/new"}],"about":[{"href":"https:\/\/aurenweb-stg.servidortemporal.net\/ar\/wp-json\/wp\/v2\/types\/new"}],"version-history":[{"count":0,"href":"https:\/\/aurenweb-stg.servidortemporal.net\/ar\/wp-json\/wp\/v2\/new\/16076\/revisions"}],"wp:featuredmedia":[{"embeddable":true,"href":"https:\/\/aurenweb-stg.servidortemporal.net\/ar\/wp-json\/wp\/v2\/media\/16077"}],"wp:attachment":[{"href":"https:\/\/aurenweb-stg.servidortemporal.net\/ar\/wp-json\/wp\/v2\/media?parent=16076"}],"wp:term":[{"taxonomy":"new-category","embeddable":true,"href":"https:\/\/aurenweb-stg.servidortemporal.net\/ar\/wp-json\/wp\/v2\/new-category?post=16076"}],"curies":[{"name":"wp","href":"https:\/\/api.w.org\/{rel}","templated":true}]}}