{"id":16138,"date":"2019-03-18T15:04:52","date_gmt":"2019-03-18T14:04:52","guid":{"rendered":"https:\/\/auren.com\/ar\/new\/provincia-argentina-de-cordoba-crea-parque-nacional-traslasierra\/"},"modified":"2019-03-18T15:04:52","modified_gmt":"2019-03-18T14:04:52","slug":"provincia-argentina-de-cordoba-crea-parque-nacional-traslasierra","status":"publish","type":"new","link":"https:\/\/aurenweb-stg.servidortemporal.net\/ar\/noticias\/provincia-argentina-de-cordoba-crea-parque-nacional-traslasierra\/","title":{"rendered":"Provincia Argentina de C\u00f3rdoba crea Parque Nacional Traslasierra"},"content":{"rendered":"<p class=\"text-justify\">A trav\u00e9s del&nbsp;<strong>instituto de expropiaci\u00f3n<\/strong>&nbsp;en la Argentina, la provincia de C\u00f3rdoba (Argentina) recibi\u00f3 posesi\u00f3n del inmueble&nbsp;<strong>Parque Nacional Traslasierra<\/strong>, el cual fue cedido a<strong>&nbsp;Administraci\u00f3n de Parques Nacionales<\/strong>(APN) el 20 de diciembre de 2018.<\/p>\n<p class=\"text-justify\">La organizaci\u00f3n privada medioambiental estadounidense&nbsp;<strong>The Wyss Foundation<\/strong>, con la intermediaci\u00f3n de la ONG<strong>&nbsp;Aves Argentinas Asociaci\u00f3n Ornitol\u00f3gica del Plata<\/strong>, ofreci\u00f3 a la provincia de C\u00f3rdoba y al Estado Nacional contribuir a la creaci\u00f3n del Parque Nacional, mediante una donaci\u00f3n econ\u00f3mica de hasta USD 4.000.000. Esta ser\u00e1 destinada a reembolsar a la provincia la suma que deposite inicialmente en el juicio expropiatorio y en futuras expropiaciones de los inmuebles declarados de utilidad p\u00fablica. Las dos organizaciones fueron asesoradas legalmente por Auren.   <\/p>\n<p class=\"text-justify\">Seg\u00fan inform\u00f3&nbsp;<a href=\"https:\/\/abogados.com.ar\/auren-legal-participa-en-el-proceso-de-creacion-del-parque-nacional-traslasierra-en-la-provincia-de-cordoba\/23026\" target=\"_blank\" rel=\"noopener noreferrer\">abogados.com.ar<\/a>, la&nbsp;provincia hab\u00eda iniciado el juicio expropiatorio correspondiente en junio de 2018 respecto de una fracci\u00f3n de aproximadamente 27.000 hect\u00e1reas del total del inmueble. As\u00ed, la administraci\u00f3n consign\u00f3 judicialmente el monto de la indemnizaci\u00f3n correspondiente (aprox. USD 1.800.000)conforme al procedimiento de tasaci\u00f3n establecido en la normativa aplicable. A continuaci\u00f3n, se le otorg\u00f3 la posesi\u00f3n del inmueble por orden del tribunal interviniente.     <\/p>\n<p class=\"text-justify\">El inmueble &mdash;declarado de utilidad p\u00fablica y sujeto a expropiaci\u00f3n&mdash; es propiedad de la sucesi\u00f3n de&nbsp;<strong>Juan Manubens Calvet&nbsp;<\/strong>(<a href=\"https:\/\/www.lavoz.com.ar\/ciudadanos\/recrudece-la-pelea-entre-los-herederos-de-manubens\" target=\"_blank\" rel=\"noopener noreferrer\">propietario fallecido en 1981<\/a>), en tr\u00e1mite judicial desde hace muchos a\u00f1os y con multiplicidad de partes, raz\u00f3n por la que lograr acuerdo extrajudicial o avenimiento resultaba dificultoso, a\u00f1adi\u00f3 abogados.com.ar. &nbsp;&nbsp;&nbsp;&nbsp;     <\/p>\n<p class=\"text-justify\">El territorio del Parque Nacional hab\u00eda sido declarado de utilidad p\u00fablica y sujeto a expropiaci\u00f3n en septiembre de 2017.&nbsp;Fue en marzo de 2018 cuando el Congreso de la Naci\u00f3n sancion\u00f3 la&nbsp;<strong>Ley N\u00b0 27.435<\/strong>, por la que, entre otras cuestiones: se acept\u00f3 la cesi\u00f3n de jurisdicci\u00f3n ambiental de los inmuebles en cuesti\u00f3n efectuada por la provincia de C\u00f3rdoba a favor del Estado Nacional; y se cre\u00f3 el&nbsp;<strong>Parque Nacional Traslasierra<\/strong>.     <\/p>\n<p class=\"text-justify\">El&nbsp;<strong>Parque Nacional Traslasierra<\/strong>&nbsp;est\u00e1 ubicado al oeste de la provincia de C\u00f3rdoba, en la Argentina. Conserva hect\u00e1reas pertenecientes a la ecorregi\u00f3n del Chaco Seco y protege bosques, arbustales, pastizales naturales y ambientes salinos que son refugio natural para 161 especies registradas de aves, 24 de mam\u00edferos y 30 de reptiles.     <\/p>\n<p class=\"text-justify\"><strong>Asesores legales<\/strong><\/p>\n<p class=\"text-justify\"><strong>Asesores de&nbsp;The Wyss Foundation y Aves Argentinas Asociaci\u00f3n Ornitol\u00f3gica del Plata<\/strong><\/p>\n<ul class=\"text-justify\">\n<li class=\"text-justify\"><strong>Auren Legal<\/strong>: Socio      Ferm\u00edn O. Castro Madero. Abogadas Isabella Diri\u00e9, Giannina De Luca y Clara      Alarc\u00f3n.  <\/li>\n<\/ul>\n<p class=\"text-justify\">&nbsp; <\/p>\n<p class=\"text-justify\">Ingresar a la nota en&nbsp;<a href=\"https:\/\/lexlatin.com\/portal\/noticias\/provincia-argentina-de-cordoba-crea-parque-nacional-traslasierra\">https:\/\/lexlatin.com\/portal\/no&#8230;<\/a><\/p>\n<\/p>\n<p><!-- AddThis Advanced Settings generic via filter on the_content --><!-- AddThis Share Buttons generic via filter on the_content --><\/p>\n","protected":false},"excerpt":{"rendered":"<p>Por Auren Legales. Publicado en LexLatin<\/p>\n","protected":false},"featured_media":0,"template":"","meta":{"_acf_changed":false,"footnotes":""},"new-category":[],"class_list":["post-16138","new","type-new","status-publish","hentry"],"acf":[],"_links":{"self":[{"href":"https:\/\/aurenweb-stg.servidortemporal.net\/ar\/wp-json\/wp\/v2\/new\/16138","targetHints":{"allow":["GET"]}}],"collection":[{"href":"https:\/\/aurenweb-stg.servidortemporal.net\/ar\/wp-json\/wp\/v2\/new"}],"about":[{"href":"https:\/\/aurenweb-stg.servidortemporal.net\/ar\/wp-json\/wp\/v2\/types\/new"}],"version-history":[{"count":0,"href":"https:\/\/aurenweb-stg.servidortemporal.net\/ar\/wp-json\/wp\/v2\/new\/16138\/revisions"}],"wp:attachment":[{"href":"https:\/\/aurenweb-stg.servidortemporal.net\/ar\/wp-json\/wp\/v2\/media?parent=16138"}],"wp:term":[{"taxonomy":"new-category","embeddable":true,"href":"https:\/\/aurenweb-stg.servidortemporal.net\/ar\/wp-json\/wp\/v2\/new-category?post=16138"}],"curies":[{"name":"wp","href":"https:\/\/api.w.org\/{rel}","templated":true}]}}