{"id":16199,"date":"2018-11-27T15:51:01","date_gmt":"2018-11-27T14:51:01","guid":{"rendered":"https:\/\/auren.com\/ar\/new\/auren-sigue-creciendo-en-el-area-legal\/"},"modified":"2018-11-27T15:51:01","modified_gmt":"2018-11-27T14:51:01","slug":"auren-sigue-creciendo-en-el-area-legal","status":"publish","type":"new","link":"https:\/\/aurenweb-stg.servidortemporal.net\/ar\/noticias\/auren-sigue-creciendo-en-el-area-legal\/","title":{"rendered":"Auren sigue creciendo en el \u00e1rea Legal"},"content":{"rendered":"<\/p>\n<p>AUREN, firma internacional de servicios profesionales de Auditor\u00eda, Consultor\u00eda, Asesor\u00eda, Finanzas Corporativas y Legales, anuncia la incorporaci\u00f3n en su \u00e1rea de Legales a los prestigiosos abogados Ferm\u00edn Castro Madero, Martin Lanfranco y Mariano Gramajo quienes coordinar\u00e1n el servicio de legales a nuestros clientes en Argentina, sum\u00e1ndose as\u00ed a los m\u00e1s de 370 abogados, en nuestras 51 oficinas en el Mundo.<\/p>\n<p>Continuar\u00e1n brindando servicios de Derecho civil y comercial, Contratos, Derecho bancario, Mercado de capitales, Fideicomisos financieros, Derecho societario, M&#038;A, Derecho contencioso administrativo, entre otros, todos estos orientados para empresas Pymes   <\/p>\n<p>anuncia la incorporaci\u00f3n en su \u00e1rea de Legales a los prestigiosos abogados Ferm\u00edn Castro Madero, Martin Lanfranco y Mariano Gramajo   <\/p>\n<p>De esta manera Auren contin\u00faa brindando sus servicios de alta calidad, de manera personalizada respondiendo de esta manera al exigente mercado actual. <\/p>\n<p><img decoding=\"async\" loading=\"lazy\" src=\"https:\/\/d33c2a5xmvj7uh.cloudfront.net\/images\/originals\/fermin-castro-madero.jpg?v=1543333783\" data-image=\"9994506\" style=\"width: 130px; height: 218px;\" width=\"130\" height=\"218\">&nbsp; &nbsp;Ferm\u00edn Castro Madero<\/p>\n<\/p>\n<figure><img decoding=\"async\" loading=\"lazy\" src=\"https:\/\/d33c2a5xmvj7uh.cloudfront.net\/images\/originals\/martin-lanfranco.jpg?v=1543333820\" data-image=\"9994507\" style=\"width: 221px; height: 135.976px;\" width=\"221\" height=\"135.97570000000002\">&nbsp; &nbsp;Mart\u00edn Lanfranco<\/figure>\n<\/p>\n<figure><img decoding=\"async\" src=\"https:\/\/d33c2a5xmvj7uh.cloudfront.net\/images\/originals\/img-gramajo.jpg?v=1543333849\" data-image=\"9994508\">&nbsp;Mariano Gramajo<\/figure>\n<\/p>\n<p><!-- AddThis Advanced Settings generic via filter on the_content --><!-- AddThis Share Buttons generic via filter on the_content --><\/p>\n","protected":false},"excerpt":{"rendered":"<p>Incorporamos en el \u00e1rea de Legales a los prestigiosos abogados Ferm\u00edn Castro Madero, Martin Lanfranco y Mariano Gramajo.<\/p>\n","protected":false},"featured_media":16200,"template":"","meta":{"_acf_changed":false,"footnotes":""},"new-category":[],"class_list":["post-16199","new","type-new","status-publish","has-post-thumbnail","hentry"],"acf":[],"_links":{"self":[{"href":"https:\/\/aurenweb-stg.servidortemporal.net\/ar\/wp-json\/wp\/v2\/new\/16199","targetHints":{"allow":["GET"]}}],"collection":[{"href":"https:\/\/aurenweb-stg.servidortemporal.net\/ar\/wp-json\/wp\/v2\/new"}],"about":[{"href":"https:\/\/aurenweb-stg.servidortemporal.net\/ar\/wp-json\/wp\/v2\/types\/new"}],"version-history":[{"count":0,"href":"https:\/\/aurenweb-stg.servidortemporal.net\/ar\/wp-json\/wp\/v2\/new\/16199\/revisions"}],"wp:featuredmedia":[{"embeddable":true,"href":"https:\/\/aurenweb-stg.servidortemporal.net\/ar\/wp-json\/wp\/v2\/media\/16200"}],"wp:attachment":[{"href":"https:\/\/aurenweb-stg.servidortemporal.net\/ar\/wp-json\/wp\/v2\/media?parent=16199"}],"wp:term":[{"taxonomy":"new-category","embeddable":true,"href":"https:\/\/aurenweb-stg.servidortemporal.net\/ar\/wp-json\/wp\/v2\/new-category?post=16199"}],"curies":[{"name":"wp","href":"https:\/\/api.w.org\/{rel}","templated":true}]}}