{"id":7622,"date":"2016-09-23T16:40:00","date_gmt":"2016-09-23T14:40:00","guid":{"rendered":"https:\/\/aurenweb-stg.servidortemporal.net\/uy\/publication\/rentas-pasivas-del-exterior-gravadas-por-irpf-boletin-tecnico-e-informativo-edicion-julio-2015\/"},"modified":"2016-09-23T16:40:00","modified_gmt":"2016-09-23T14:40:00","slug":"rentas-pasivas-del-exterior-gravadas-por-irpf-boletin-tecnico-e-informativo-edicion-julio-2015","status":"publish","type":"publication","link":"https:\/\/aurenweb-stg.servidortemporal.net\/uy\/publicaciones\/rentas-pasivas-del-exterior-gravadas-por-irpf-boletin-tecnico-e-informativo-edicion-julio-2015\/","title":{"rendered":"RENTAS PASIVAS DEL EXTERIOR GRAVADAS POR IRPF &#8211; BOLET\u00cdN T\u00c9CNICO E INFORMATIVO EDICI\u00d3N \u2014 JULIO 2015"},"content":{"rendered":"<p class=\"has-text-align-center has-huge-font-size\"><strong>RENTAS PASIVAS DEL EXTERIOR GRAVADAS POR IRPF &#8211; BOLET\u00cdN T\u00c9CNICO E INFORMATIVO EDICI\u00d3N \u2014 JULIO 2015<\/strong><\/p>\n<div class=\"wp-block-image\">\n<figure class=\"aligncenter size-large\"><img decoding=\"async\" loading=\"lazy\" width=\"1024\" height=\"725\" src=\"https:\/\/aurenweb-stg.servidortemporal.net\/uy\/wp-content\/uploads\/migration\/2020\/06\/nuevatec-1024x725.jpg\" alt=\"\" class=\"wp-image-8339\" srcset=\"https:\/\/aurenweb-stg.servidortemporal.net\/uy\/wp-content\/uploads\/migration\/2020\/06\/nuevatec-1024x725.jpg 1024w, https:\/\/aurenweb-stg.servidortemporal.net\/uy\/wp-content\/uploads\/migration\/2020\/06\/nuevatec-300x212.jpg 300w, https:\/\/aurenweb-stg.servidortemporal.net\/uy\/wp-content\/uploads\/migration\/2020\/06\/nuevatec-768x544.jpg 768w, https:\/\/aurenweb-stg.servidortemporal.net\/uy\/wp-content\/uploads\/migration\/2020\/06\/nuevatec-1536x1088.jpg 1536w, https:\/\/aurenweb-stg.servidortemporal.net\/uy\/wp-content\/uploads\/migration\/2020\/06\/nuevatec.jpg 2048w\" sizes=\"auto, (max-width: 1024px) 100vw, 1024px\" \/><\/figure>\n<\/div>\n<div class=\"wp-block-buttons aligncenter is-layout-flex\">\n<div class=\"wp-block-button\"><a class=\"wp-block-button__link has-vivid-red-background-color has-background\" href=\"2016_09_23-AUREN-Novedades-Rentas-pasivas.docx.pdf\">Descargar PDF<\/a><\/div>\n<\/div>\n<p><!-- AddThis Advanced Settings generic via filter on the_content --><!-- AddThis Share Buttons generic via filter on the_content --><\/p>\n","protected":false},"excerpt":{"rendered":"<p>RENTAS PASIVAS DEL EXTERIOR GRAVADAS POR IRPF &#8211; BOLET\u00cdN T\u00c9CNICO E INFORMATIVO EDICI\u00d3N \u2014 JULIO 2015 Descargar PDF<\/p>\n","protected":false},"featured_media":0,"template":"","meta":{"_acf_changed":false,"footnotes":""},"publication-category":[],"class_list":["post-7622","publication","type-publication","status-publish","hentry"],"acf":[],"_links":{"self":[{"href":"https:\/\/aurenweb-stg.servidortemporal.net\/uy\/wp-json\/wp\/v2\/publication\/7622","targetHints":{"allow":["GET"]}}],"collection":[{"href":"https:\/\/aurenweb-stg.servidortemporal.net\/uy\/wp-json\/wp\/v2\/publication"}],"about":[{"href":"https:\/\/aurenweb-stg.servidortemporal.net\/uy\/wp-json\/wp\/v2\/types\/publication"}],"version-history":[{"count":0,"href":"https:\/\/aurenweb-stg.servidortemporal.net\/uy\/wp-json\/wp\/v2\/publication\/7622\/revisions"}],"wp:attachment":[{"href":"https:\/\/aurenweb-stg.servidortemporal.net\/uy\/wp-json\/wp\/v2\/media?parent=7622"}],"wp:term":[{"taxonomy":"publication-category","embeddable":true,"href":"https:\/\/aurenweb-stg.servidortemporal.net\/uy\/wp-json\/wp\/v2\/publication-category?post=7622"}],"curies":[{"name":"wp","href":"https:\/\/api.w.org\/{rel}","templated":true}]}}